{"id":67,"date":"2017-03-06T23:05:27","date_gmt":"2017-03-06T22:05:27","guid":{"rendered":"http:\/\/www.correctographe.fr\/?page_id=67"},"modified":"2026-03-25T17:32:57","modified_gmt":"2026-03-25T16:32:57","slug":"certification","status":"publish","type":"page","link":"https:\/\/www.correctographe.fr\/?page_id=67","title":{"rendered":"\u00c0 propos de&#8230;"},"content":{"rendered":"<p><strong>Ma passion pour la langue fran\u00e7aise<\/strong><\/p>\n<p>D&rsquo;aussi loin que je me souvienne, j&rsquo;ai toujours aim\u00e9 la lecture et l&rsquo;orthographe, ce qui pour autant ne fait pas de moi une \u00e9crivaine. Il n&#8217;emp\u00eache que j&rsquo;ai toujours ma\u00eetris\u00e9 spontan\u00e9ment \u00e0 l&rsquo;\u00e9crit les difficult\u00e9s de la langue fran\u00e7aise. Depuis longtemps, les accords et les mots complexes n&rsquo;ont plus de secret pour moi. J&rsquo;ai pourtant consacr\u00e9 une grande partie de mon activit\u00e9 professionnelle aux chiffres et aux statistiques.<\/p>\n<p>R\u00e9guli\u00e8rement sollicit\u00e9e par mon entourage personnel et professionnel et constatant l&rsquo;omnipr\u00e9sence des fautes d&rsquo;orthographe dans les supports d&rsquo;information, j&rsquo;ai d\u00e9cid\u00e9 de mettre mon aptitude en mati\u00e8re d&rsquo;orthographe, visiblement recherch\u00e9e et appr\u00e9ci\u00e9e, au service de tous ceux pour qui exactitude, rigueur et respect de la langue fran\u00e7aise sont des imp\u00e9ratifs. J&rsquo;ai alors tout mis en \u0153uvre pour me consacrer \u00e0 ma passion pour la langue fran\u00e7aise.<\/p>\n<p>J&rsquo;ai suivi une formation intensive afin de parfaire mes connaissances. J&rsquo;ai \u00e9galement cofond\u00e9 et anim\u00e9 une association de promotion de la langue fran\u00e7aise proposant des s\u00e9ances de dict\u00e9es et des exercices de grammaire et conjugaison.<\/p>\n<p>Enfin, j&rsquo;ai pass\u00e9 le Certificat Voltaire (niveau expert) qui<span class=\"st\"> permet d&rsquo;attester le<\/span><span class=\"st\"> niveau en orthographe et le niveau de ma\u00eetrise des difficult\u00e9s du fran\u00e7ais \u00e0 l&rsquo;\u00e9crit. <\/span><\/p>\n<p><span class=\"st\">C&rsquo;est ainsi que, forte de mes exp\u00e9riences, j&rsquo;ai cr\u00e9\u00e9 CorrectOgraphe.<br \/><\/span><\/p>\n<p><strong>Mes formations<br \/><\/strong><\/p>\n<p>2013-2014 : Le m\u00e9tier de correcteur* &#8211; Centre d&rsquo;\u00c9criture et de Communication (CEC) 75006 PARIS<\/p>\n<p>2014-2015 : La r\u00e9\u00e9criture* &#8211; Centre d&rsquo;\u00c9criture et de Communication (CEC) 75006 PARIS<\/p>\n<p><em>\u00a0*Enseignants : Jacques D\u00e9court, Jean-Pierre Colignon, Annick Valade, Jacques Barbaut, Bruno Vandenbroucque.<\/em><\/p>\n<p>2017 : Relire et corriger des \u00e9crits professionnels (s&rsquo;adapter au contexte, livrer des \u00e9crits convaincants, optimiser les textes).<\/p>\n<p>2021 : Les r\u00e9seaux sociaux : comprendre l&rsquo;importance des r\u00e9seaux sociaux.<\/p>\n<p>2021 : Les principes de la r\u00e9\u00e9criture : ma\u00eetriser les techniques r\u00e9dactionnelles pour am\u00e9liorer ses textes et ceux des autres, d\u00e9velopper la pr\u00e9cision de sa pens\u00e9e, l&rsquo;\u00e9l\u00e9gance de son expression et enrichir son vocabulaire.<\/p>\n<p>2022 : Lancer sa communication digitale.<\/p>\n<p>2024 : Atelier d&rsquo;\u00e9criture.<\/p>\n<p><strong>Formations ant\u00e9rieures :<\/strong><\/p>\n<ul>\n<li>assistante de direction<\/li>\n<li>BTS assurances<\/li>\n<li>h\u00f4tesse de tourisme<\/li>\n<\/ul>\n<p><strong>Ma certification Voltaire<\/strong><\/p>\n<ul>\n<li>en date du 20 mai 2015<\/li>\n<li>score r\u00e9alis\u00e9 : 996\/1000 (niveau expert)<\/li>\n<li>CSCV* : D3WWD9<\/li>\n<\/ul>\n<p><em>*Code de s\u00e9curit\u00e9 certificat Voltaire, permet de v\u00e9rifier l&rsquo;authenticit\u00e9 du certificat.<\/em><\/p>\n<p>\u00a0<\/p>\n<p><strong>Mes r\u00e9f\u00e9rences (relectures et corrections)<br \/><\/strong><\/p>\n<p>J&rsquo;ai en particulier assur\u00e9 la relecture, la correction -avec reformulation dans certains cas- avant BAT (bon \u00e0 tirer) des publications suivantes :<\/p>\n<ul>\n<li>almanach r\u00e9gional, guides touristiques et livres jeunesse pour des <strong>maisons d&rsquo;\u00e9dition<\/strong> ;<\/li>\n<li>bulletins municipaux pour une <strong>mairie<\/strong> de Vend\u00e9e ;<\/li>\n<li>magazines pour une <strong>soci\u00e9t\u00e9 d&rsquo;assurance <\/strong>et une<strong> agence de conseil en marketing<\/strong> ;<\/li>\n<li>documents internes d&rsquo;entreprise, contenus \u00e9ditoriaux, conditions g\u00e9n\u00e9rales, flyers, plaquettes documentaires pour une <strong>soci\u00e9t\u00e9 d&rsquo;assurance<\/strong> ;<\/li>\n<li>brochures tarifaires, plaquettes institutionnelles, email commercial pour une <strong>banque<\/strong> ;<\/li>\n<li>\u00e9dition sp\u00e9ciale d&rsquo;un <strong>guide touristique<\/strong> r\u00e9gional (Guide vert\/ Michelin) ;<\/li>\n<li>site internet combinant un programme <strong>touristique<\/strong> et l&rsquo;organisation d&rsquo;un <strong>s\u00e9minaire<\/strong> ;<\/li>\n<li><strong>site web<\/strong> (avec synchronisation audio\/vid\u00e9o) d&rsquo;un cabinet d&rsquo;<strong>expertise comptable<\/strong> ;<\/li>\n<li>documents d&rsquo;animations et de formation pour une <strong>soci\u00e9t\u00e9 de prestation de services<\/strong> ;<\/li>\n<li>fiches de pr\u00e9sentation pour un <strong>organisme forestier r\u00e9gional<\/strong> ;<\/li>\n<li>pr\u00e9sentations PowerPoint d&rsquo;une formation informatique pour une <strong>SS2I<\/strong> ;<\/li>\n<li>faire-part et livrets de c\u00e9r\u00e9monie de <strong>mariage<\/strong> ;<\/li>\n<li><strong>recueil<\/strong> de pens\u00e9es personnelles ;<\/li>\n<li><strong>m\u00e9moires<\/strong> d&rsquo;\u00e9tudiants, etc.<\/li>\n<\/ul>\n<p><strong>Concours d&rsquo;orthographe<\/strong><\/p>\n<p style=\"text-align: center;\"><em>\u00ab Les maux de grammaire se soignent par la grammaire, les fautes d&rsquo;orthographe par l&rsquo;exercice de l&rsquo;orthographe, la peur de lire par la lecture, celle de ne pas comprendre par l&rsquo;immersion dans le texte. \u00bb Chagrin d&rsquo;\u00e9cole (2007) de Daniel Pennac.<\/em><\/p>\n<p>En effet, l&rsquo;exercice r\u00e9gulier de l&rsquo;orthographe est une discipline indispensable pour qui veut progresser.<\/p>\n<p>Ainsi, chaque ann\u00e9e, je participe \u00e0 une dizaine de concours d&rsquo;orthographe. La dict\u00e9e de concours est une comp\u00e9tition qui, outre le fait de mesurer ses comp\u00e9tences \u00e0 celles d&rsquo;autres concurrents, permet de maintenir en \u00e9veil sa capacit\u00e9 orthographique. \u00c0 l&rsquo;issue de la correction, un classement est \u00e9tabli et les meilleures copies sont (\u00e9ventuellement) r\u00e9compens\u00e9es.<\/p>\n<p>J&rsquo;ai ainsi concouru \u00e0 de remarquables dict\u00e9es \u00e0 Paris, Tours, Limoges, Nantes ou Brest et dans l&rsquo;ouest de la France :<\/p>\n<ul>\n<li><em>Nouvelle-Aquitaine : Deux-S\u00e8vres, Vienne, Charente, Charente-Maritime, Gironde, Creuse ;<br \/><\/em><\/li>\n<li><em>Pays de la Loire : Vend\u00e9e, Loire-Atlantique.<\/em><\/li>\n<\/ul>\n<p><em>Quelques r\u00e9ussites parmi de nombreux podiums : <\/em><\/p>\n<p><em>dict\u00e9e de l&rsquo;association <span class=\"aCOpRe\">Lire et D\u00e9lire \u00e0 Magn\u00e9 (2012, 2015) ; 7\u1d49 dict\u00e9e des Lyriades \u00e0 Lir\u00e9 (2012) ; <\/span><\/em><em>dict\u00e9e du club Soroptimist \u00e0 Poitiers (2015, 2017) ; <\/em><em>\u00a0dict\u00e9e du patrimoine \u00e0 Piriac-sur-Mer (2016) ; <\/em><em>dict\u00e9e de la biblioth\u00e8que de Saint-Jean-d&rsquo;Ang\u00e9ly (2017) ; dict\u00e9e du Lions Club de Pouzauges-Bocage (2018) ; dict\u00e9e du Salon du Livre du Croisic \u00ab Plumes d&rsquo;\u00e9quinoxe \u00bb (2018, 2022) ; dict\u00e9e de la m\u00e9diath\u00e8que de Niort (2019) ; dict\u00e9e nationale du Rotary \u00e0 Niort (2019) ; grande dict\u00e9e des \u00e9ditions Le Robert \u00e0 Nantes (2019) ; <span class=\"aCOpRe\">dict\u00e9e de la biblioth\u00e8que M\u00e9riadeck \u00e0 Bordeaux (2019) ; dict\u00e9e de Cosmopolite \u00e0 Angoul\u00eame (2012, 2018 et 2022) ; <\/span>dict\u00e9e du Scrabble \u00e0 \u00c9chir\u00e9 (2019, 2021, 2023 et 2025) ; dict\u00e9e de Royan Accueil (2020) ; dict\u00e9e Jules-Verne \u00e0 Nantes (2014, 2021, 2022 et 2023) ; concours d&rsquo;orthographe \u00ab Sans faute(s) \u00e0 Chantonnay \u00bb (2023) ; dict\u00e9e du Salon du Livre de Niort (2023) ; dict\u00e9e pour tous \u00e0 Nantes (2023) ; finale nationale de la dict\u00e9e pour tous \u00e0 Paris -S\u00e9nat- (2023) ; dict\u00e9e du T\u00e9l\u00e9thon \u00e0 Parthenay (2023) ; dict\u00e9e de l&rsquo;a<span class=\"st\">ssociation Filigrane \u00ab Lire et \u00e9crire en Deux-S\u00e8vres \u00bb<\/span> (2014, 2015, 2016 et 2024) ; dict\u00e9e nationale du Rotary \u00e0 La Rochelle (2022, 2024 et 2026) ; championnat d&rsquo;orthographe de Vend\u00e9e \u00e0 Aizenay (2015, 2018, 2024) ; dict\u00e9e de la m\u00e9diath\u00e8que de Ch\u00e2telaillon-Plage (2015, 2016, 2025) ; dict\u00e9e des Librairies \u00e0 Saint-Jean-d&rsquo;Ang\u00e9ly (2025)<\/em><em>.<\/em><\/p>\n\n\n<p><\/p>\n","protected":false},"excerpt":{"rendered":"<p>Ma passion pour la langue fran\u00e7aise D&rsquo;aussi loin que je me souvienne, j&rsquo;ai toujours aim\u00e9 la lecture et l&rsquo;orthographe, ce qui pour autant ne fait pas de moi une \u00e9crivaine. Il n&#8217;emp\u00eache que j&rsquo;ai toujours ma\u00eetris\u00e9 spontan\u00e9ment \u00e0 l&rsquo;\u00e9crit les difficult\u00e9s de la langue fran\u00e7aise. Depuis longtemps, les accords et les mots complexes n&rsquo;ont plus &hellip; <\/p>\n<p class=\"link-more\"><a href=\"https:\/\/www.correctographe.fr\/?page_id=67\" class=\"more-link\">Continuer la lecture<span class=\"screen-reader-text\"> de &laquo;&nbsp;\u00c0 propos de&#8230;&nbsp;&raquo;<\/span><\/a><\/p>\n","protected":false},"author":1,"featured_media":57,"parent":0,"menu_order":0,"comment_status":"closed","ping_status":"closed","template":"","meta":[],"_links":{"self":[{"href":"https:\/\/www.correctographe.fr\/index.php?rest_route=\/wp\/v2\/pages\/67"}],"collection":[{"href":"https:\/\/www.correctographe.fr\/index.php?rest_route=\/wp\/v2\/pages"}],"about":[{"href":"https:\/\/www.correctographe.fr\/index.php?rest_route=\/wp\/v2\/types\/page"}],"author":[{"embeddable":true,"href":"https:\/\/www.correctographe.fr\/index.php?rest_route=\/wp\/v2\/users\/1"}],"replies":[{"embeddable":true,"href":"https:\/\/www.correctographe.fr\/index.php?rest_route=%2Fwp%2Fv2%2Fcomments&post=67"}],"version-history":[{"count":109,"href":"https:\/\/www.correctographe.fr\/index.php?rest_route=\/wp\/v2\/pages\/67\/revisions"}],"predecessor-version":[{"id":909,"href":"https:\/\/www.correctographe.fr\/index.php?rest_route=\/wp\/v2\/pages\/67\/revisions\/909"}],"wp:featuredmedia":[{"embeddable":true,"href":"https:\/\/www.correctographe.fr\/index.php?rest_route=\/wp\/v2\/media\/57"}],"wp:attachment":[{"href":"https:\/\/www.correctographe.fr\/index.php?rest_route=%2Fwp%2Fv2%2Fmedia&parent=67"}],"curies":[{"name":"wp","href":"https:\/\/api.w.org\/{rel}","templated":true}]}}